{"id":5,"date":"2014-03-27T11:23:06","date_gmt":"2014-03-27T09:23:06","guid":{"rendered":"http:\/\/dasgrafikbuero.at\/wp_ami\/?page_id=5"},"modified":"2026-02-17T11:10:08","modified_gmt":"2026-02-17T09:10:08","slug":"willkommen","status":"publish","type":"page","link":"http:\/\/logopaedie-schrems.at\/wordpress\/","title":{"rendered":"Willkommen"},"content":{"rendered":"<p>Mit Freude begegne ich Kindern, Jugendlichen und Erwachsenen, um ihre kommunikativen F\u00e4higkeiten zu st\u00e4rken und zu verbessern. Erfahrungen, die ich als Logop\u00e4din in \u00fcber drei Jahrzehnten Praxis und Weiterbildung sammeln durfte, flie\u00dfen in die individuelle Behandlung von Sprach-, Stimm- und Schluckst\u00f6rungen ein.<\/p>\n<p>Wichtig ist mir dabei ein wertsch\u00e4tzender Umgang, denn nur mit einer guten Vertrauensbasis kann Therapie gelingen. Ein fachlich kompetenter, individuell abgestimmter, einf\u00fchlsamer Behandlungsansatz liegt mir daher sehr\u00a0am Herzen.<\/p>\n<p>Ich freue mich, Sie in meiner Praxis begr\u00fc\u00dfen\u00a0zu d\u00fcrfen!<\/p>\n","protected":false},"excerpt":{"rendered":"<p>Mit Freude begegne ich Kindern, Jugendlichen und Erwachsenen, um ihre kommunikativen F\u00e4higkeiten zu st\u00e4rken und zu verbessern. Erfahrungen, die ich als Logop\u00e4din in \u00fcber drei Jahrzehnten Praxis und Weiterbildung sammeln durfte, flie\u00dfen in die individuelle Behandlung von Sprach-, Stimm- und&hellip; <\/p>\n","protected":false},"author":2,"featured_media":0,"parent":0,"menu_order":10,"comment_status":"closed","ping_status":"closed","template":"","meta":{"footnotes":""},"class_list":["post-5","page","type-page","status-publish","hentry"],"_links":{"self":[{"href":"http:\/\/logopaedie-schrems.at\/wordpress\/wp-json\/wp\/v2\/pages\/5","targetHints":{"allow":["GET"]}}],"collection":[{"href":"http:\/\/logopaedie-schrems.at\/wordpress\/wp-json\/wp\/v2\/pages"}],"about":[{"href":"http:\/\/logopaedie-schrems.at\/wordpress\/wp-json\/wp\/v2\/types\/page"}],"author":[{"embeddable":true,"href":"http:\/\/logopaedie-schrems.at\/wordpress\/wp-json\/wp\/v2\/users\/2"}],"replies":[{"embeddable":true,"href":"http:\/\/logopaedie-schrems.at\/wordpress\/wp-json\/wp\/v2\/comments?post=5"}],"version-history":[{"count":72,"href":"http:\/\/logopaedie-schrems.at\/wordpress\/wp-json\/wp\/v2\/pages\/5\/revisions"}],"predecessor-version":[{"id":898,"href":"http:\/\/logopaedie-schrems.at\/wordpress\/wp-json\/wp\/v2\/pages\/5\/revisions\/898"}],"wp:attachment":[{"href":"http:\/\/logopaedie-schrems.at\/wordpress\/wp-json\/wp\/v2\/media?parent=5"}],"curies":[{"name":"wp","href":"https:\/\/api.w.org\/{rel}","templated":true}]}}